{"id":3804,"date":"2023-11-08T16:50:50","date_gmt":"2023-11-08T15:50:50","guid":{"rendered":"https:\/\/www.eidenberg-agenda21.info\/web2\/?page_id=3804"},"modified":"2023-11-09T16:02:37","modified_gmt":"2023-11-09T15:02:37","slug":"prozess","status":"publish","type":"page","link":"http:\/\/www.eidenberg-agenda21.info\/web2\/prozess\/","title":{"rendered":"Prozess des Agenda Zukunfts Prozesses der Gemeinde Eidenberg"},"content":{"rendered":"<p><span><img decoding=\"async\" alt=\"\" data-id=\"3730\" width=\"399\" height=\"168\" title=\"\" src=\"http:\/\/www.eidenberg-agenda21.info\/web2\/wp-content\/uploads\/2023\/05\/Screenshot-2023-05-10-212355-e1699461296101-1024x432.png\" data-src=\"http:\/\/www.eidenberg-agenda21.info\/web2\/wp-content\/uploads\/2023\/05\/Screenshot-2023-05-10-212355-e1699461296101-300x126.png\" loading=\"lazy\" data-sizes=\"{&quot;thumbnail&quot;:{&quot;height&quot;:150,&quot;width&quot;:150,&quot;url&quot;:&quot;http:\/\/www.eidenberg-agenda21.info\/web2\/wp-content\/uploads\/2023\/05\/Screenshot-2023-05-10-212355-e1699461296101-150x150.png&quot;,&quot;orientation&quot;:&quot;landscape&quot;},&quot;medium&quot;:{&quot;height&quot;:126,&quot;width&quot;:300,&quot;url&quot;:&quot;http:\/\/www.eidenberg-agenda21.info\/web2\/wp-content\/uploads\/2023\/05\/Screenshot-2023-05-10-212355-e1699461296101-300x126.png&quot;,&quot;orientation&quot;:&quot;landscape&quot;},&quot;large&quot;:{&quot;height&quot;:432,&quot;width&quot;:1024,&quot;url&quot;:&quot;http:\/\/www.eidenberg-agenda21.info\/web2\/wp-content\/uploads\/2023\/05\/Screenshot-2023-05-10-212355-e1699461296101-1024x432.png&quot;,&quot;orientation&quot;:&quot;landscape&quot;},&quot;full&quot;:{&quot;url&quot;:&quot;http:\/\/www.eidenberg-agenda21.info\/web2\/wp-content\/uploads\/2023\/05\/Screenshot-2023-05-10-212355-e1699461296101.png&quot;,&quot;height&quot;:634,&quot;width&quot;:1504,&quot;orientation&quot;:&quot;landscape&quot;}}\" style=\"aspect-ratio: auto 1504 \/ 634;\" data-width=\"399\" data-height=\"168\" data-init-width=\"1504\" data-init-height=\"634\"><\/span><span><img decoding=\"async\" alt=\"\" data-id=\"3731\" width=\"399\" height=\"158\" title=\"\" src=\"http:\/\/www.eidenberg-agenda21.info\/web2\/wp-content\/uploads\/2023\/05\/Screenshot-2023-05-10-212453-1024x406.png\" data-src=\"http:\/\/www.eidenberg-agenda21.info\/web2\/wp-content\/uploads\/2023\/05\/Screenshot-2023-05-10-212453-300x119.png\" loading=\"lazy\" data-sizes=\"{&quot;thumbnail&quot;:{&quot;height&quot;:150,&quot;width&quot;:150,&quot;url&quot;:&quot;http:\/\/www.eidenberg-agenda21.info\/web2\/wp-content\/uploads\/2023\/05\/Screenshot-2023-05-10-212453-150x150.png&quot;,&quot;orientation&quot;:&quot;landscape&quot;},&quot;medium&quot;:{&quot;height&quot;:119,&quot;width&quot;:300,&quot;url&quot;:&quot;http:\/\/www.eidenberg-agenda21.info\/web2\/wp-content\/uploads\/2023\/05\/Screenshot-2023-05-10-212453-300x119.png&quot;,&quot;orientation&quot;:&quot;landscape&quot;},&quot;large&quot;:{&quot;height&quot;:406,&quot;width&quot;:1024,&quot;url&quot;:&quot;http:\/\/www.eidenberg-agenda21.info\/web2\/wp-content\/uploads\/2023\/05\/Screenshot-2023-05-10-212453-1024x406.png&quot;,&quot;orientation&quot;:&quot;landscape&quot;},&quot;full&quot;:{&quot;url&quot;:&quot;http:\/\/www.eidenberg-agenda21.info\/web2\/wp-content\/uploads\/2023\/05\/Screenshot-2023-05-10-212453.png&quot;,&quot;height&quot;:594,&quot;width&quot;:1498,&quot;orientation&quot;:&quot;landscape&quot;}}\" style=\"aspect-ratio: auto 1498 \/ 594;\" data-width=\"399\" data-height=\"158\" data-init-width=\"1498\" data-init-height=\"594\"><\/span><span><img decoding=\"async\" alt=\"\" data-id=\"3732\" width=\"399\" height=\"167\" title=\"\" src=\"http:\/\/www.eidenberg-agenda21.info\/web2\/wp-content\/uploads\/2023\/05\/Screenshot-2023-05-10-212514-1024x428.png\" data-src=\"http:\/\/www.eidenberg-agenda21.info\/web2\/wp-content\/uploads\/2023\/05\/Screenshot-2023-05-10-212514-300x125.png\" loading=\"lazy\" data-sizes=\"{&quot;thumbnail&quot;:{&quot;height&quot;:150,&quot;width&quot;:150,&quot;url&quot;:&quot;http:\/\/www.eidenberg-agenda21.info\/web2\/wp-content\/uploads\/2023\/05\/Screenshot-2023-05-10-212514-150x150.png&quot;,&quot;orientation&quot;:&quot;landscape&quot;},&quot;medium&quot;:{&quot;height&quot;:125,&quot;width&quot;:300,&quot;url&quot;:&quot;http:\/\/www.eidenberg-agenda21.info\/web2\/wp-content\/uploads\/2023\/05\/Screenshot-2023-05-10-212514-300x125.png&quot;,&quot;orientation&quot;:&quot;landscape&quot;},&quot;large&quot;:{&quot;height&quot;:428,&quot;width&quot;:1024,&quot;url&quot;:&quot;http:\/\/www.eidenberg-agenda21.info\/web2\/wp-content\/uploads\/2023\/05\/Screenshot-2023-05-10-212514-1024x428.png&quot;,&quot;orientation&quot;:&quot;landscape&quot;},&quot;full&quot;:{&quot;url&quot;:&quot;http:\/\/www.eidenberg-agenda21.info\/web2\/wp-content\/uploads\/2023\/05\/Screenshot-2023-05-10-212514.png&quot;,&quot;height&quot;:625,&quot;width&quot;:1497,&quot;orientation&quot;:&quot;landscape&quot;}}\" style=\"aspect-ratio: auto 1497 \/ 625;\" data-width=\"399\" data-height=\"167\" data-init-width=\"1497\" data-init-height=\"625\"><\/span><\/p>\n<p style=\"\">14. Juni 2022 GemeindeNavi<\/p>\n<p style=\"\">Was tut Eidenberg bereits in den einzelnen Nachhaltigkeitszielen und was k\u00f6nnte noch zus\u00e4tzlich in Angriff genommen werden? Beim GemeindeNavi werden an f\u00fcnf Thementischen mit je einer Moderatorin die SDGs bearbeitet. Vieles ist bereits in der Umsetzung, aber auch neue Themen tun sich auf.<\/p>\n<p><span><img decoding=\"async\" alt=\"\" data-id=\"3812\" width=\"421\" data-init-width=\"971\" height=\"178\" data-init-height=\"410\" title=\"\" loading=\"lazy\" src=\"\/\/www.eidenberg-agenda21.info\/web2\/wp-content\/uploads\/2023\/11\/Screenshot-2023-11-08-17.14.59.png\" data-width=\"421\" data-height=\"178\" style=\"aspect-ratio: auto 971 \/ 410;\"><\/span><\/p>\n<p style=\"\">19. J\u00e4nner 2022 Abstimmungstreffen<\/p>\n<p style=\"\">Bei einem ersten Abstimmungstreffen wird gekl\u00e4rt, wie der Prozess in Eidenberg ablaufen k\u00f6nnte und welche wichtigen Anliegen unbedingt Raum finden sollen. F\u00fcr die erste Veranstaltung, den Infoabend, wird gemeinsam ein Einladungspozedere und wichtige Personen \u00fcberlegt, die pers\u00f6nlich angesprochen werden sollen.<\/p>\n<p style=\"\">7. M\u00e4rz 2022 Infoabend<\/p>\n<p style=\"\">Beim Infoabend nehmen rund 20 Personen teil, von denen sich auch ein Gro\u00dfteil bereit erkl\u00e4rt, Teil des neu gegr\u00fcndeten Kernteams zu werden. An dem Abend steht im Vordergrund, was den Teilnehmenden in Eidenbergbesonders gef\u00e4llt und welche Themenbereiche in ihren Augen f\u00fcr eine gute Zukunft der Gemeinde besonders wichtig sind. Auch die Aufgaben des Kernteams werden er\u00f6rtert.<\/p>\n<p><span><img decoding=\"async\" alt=\"\" data-id=\"3808\" width=\"421\" data-init-width=\"923\" height=\"263\" data-init-height=\"577\" title=\"\" loading=\"lazy\" src=\"\/\/www.eidenberg-agenda21.info\/web2\/wp-content\/uploads\/2023\/11\/Screenshot-2023-11-08-17.08.24.png\" data-width=\"421\" data-height=\"263\" style=\"aspect-ratio: auto 923 \/ 577;\"><\/span><\/p>\n<p style=\"\">21. M\u00e4rz 2022 Kernteamtreffen<\/p>\n<p style=\"\">Das erste Kernteamtreffen findet statt und die Gruppe befasst sich mitden ersten Schritten im Prozess und wie mit der \u00d6ffentlichkeitsarbeit gestartetwerden kann. Der Slogan f\u00fcr den Prozess wird entwickelt und auch die erstenBeteiligungsformate, der B\u00fcrger:innenrat, das B\u00fcrger:innencaf\u00e9 und die Kinderbeteiligung werdengeplant.<\/p>\n<p style=\"color: var(--tcb-color-0) !important; --tcb-applied-color: var$(--tcb-color-0) !important;\">29. &amp; 30. April 2022 B\u00fcrger:innenrat<\/p>\n<p style=\"\">Zw\u00f6lf Personen nehmen am eineinhalbt\u00e4gigen B\u00fcrger:innenrat im Kulturstadlt teil. In drei Gespr\u00e4chsrunden wird intensiv \u00fcber die Themen Mobilit\u00e4t, Nah- und Selbstversorgung sowie Raumplanung und Wohnen diskutiert. Aus den vielen Beitr\u00e4gen erarbeitet der B\u00fcrger:innenrat wesentliche Empfehlungen f\u00fcr die Weiterarbeit.<\/p>\n<p><span><img decoding=\"async\" alt=\"\" data-id=\"4008\" width=\"392\" height=\"294\" title=\"\" src=\"http:\/\/www.eidenberg-agenda21.info\/web2\/wp-content\/uploads\/2023\/11\/prozessrueckblick_231109_page-0004-300x225.jpg\" data-src=\"http:\/\/www.eidenberg-agenda21.info\/web2\/wp-content\/uploads\/2023\/11\/prozessrueckblick_231109_page-0004-300x225.jpg\" loading=\"lazy\" data-sizes=\"{&quot;thumbnail&quot;:{&quot;height&quot;:150,&quot;width&quot;:150,&quot;url&quot;:&quot;http:\/\/www.eidenberg-agenda21.info\/web2\/wp-content\/uploads\/2023\/11\/prozessrueckblick_231109_page-0004-150x150.jpg&quot;,&quot;orientation&quot;:&quot;landscape&quot;},&quot;medium&quot;:{&quot;height&quot;:225,&quot;width&quot;:300,&quot;url&quot;:&quot;http:\/\/www.eidenberg-agenda21.info\/web2\/wp-content\/uploads\/2023\/11\/prozessrueckblick_231109_page-0004-300x225.jpg&quot;,&quot;orientation&quot;:&quot;landscape&quot;},&quot;large&quot;:{&quot;height&quot;:768,&quot;width&quot;:1024,&quot;url&quot;:&quot;http:\/\/www.eidenberg-agenda21.info\/web2\/wp-content\/uploads\/2023\/11\/prozessrueckblick_231109_page-0004-1024x768.jpg&quot;,&quot;orientation&quot;:&quot;landscape&quot;},&quot;full&quot;:{&quot;url&quot;:&quot;http:\/\/www.eidenberg-agenda21.info\/web2\/wp-content\/uploads\/2023\/11\/prozessrueckblick_231109_page-0004.jpg&quot;,&quot;height&quot;:1125,&quot;width&quot;:1500,&quot;orientation&quot;:&quot;landscape&quot;}}\" style=\"aspect-ratio: auto 1500 \/ 1125;\" data-width=\"392\" data-height=\"294\" data-init-width=\"1500\" data-init-height=\"1125\"><\/span><span><img decoding=\"async\" alt=\"\" data-id=\"4006\" width=\"392\" height=\"294\" title=\"\" src=\"http:\/\/www.eidenberg-agenda21.info\/web2\/wp-content\/uploads\/2023\/11\/prozessrueckblick_231109_page-0002-300x225.jpg\" data-src=\"http:\/\/www.eidenberg-agenda21.info\/web2\/wp-content\/uploads\/2023\/11\/prozessrueckblick_231109_page-0002-300x225.jpg\" loading=\"lazy\" data-sizes=\"{&quot;thumbnail&quot;:{&quot;height&quot;:150,&quot;width&quot;:150,&quot;url&quot;:&quot;http:\/\/www.eidenberg-agenda21.info\/web2\/wp-content\/uploads\/2023\/11\/prozessrueckblick_231109_page-0002-150x150.jpg&quot;,&quot;orientation&quot;:&quot;landscape&quot;},&quot;medium&quot;:{&quot;height&quot;:225,&quot;width&quot;:300,&quot;url&quot;:&quot;http:\/\/www.eidenberg-agenda21.info\/web2\/wp-content\/uploads\/2023\/11\/prozessrueckblick_231109_page-0002-300x225.jpg&quot;,&quot;orientation&quot;:&quot;landscape&quot;},&quot;large&quot;:{&quot;height&quot;:768,&quot;width&quot;:1024,&quot;url&quot;:&quot;http:\/\/www.eidenberg-agenda21.info\/web2\/wp-content\/uploads\/2023\/11\/prozessrueckblick_231109_page-0002-1024x768.jpg&quot;,&quot;orientation&quot;:&quot;landscape&quot;},&quot;full&quot;:{&quot;url&quot;:&quot;http:\/\/www.eidenberg-agenda21.info\/web2\/wp-content\/uploads\/2023\/11\/prozessrueckblick_231109_page-0002.jpg&quot;,&quot;height&quot;:1125,&quot;width&quot;:1500,&quot;orientation&quot;:&quot;landscape&quot;}}\" style=\"aspect-ratio: auto 1500 \/ 1125;\" data-width=\"392\" data-height=\"294\" data-init-width=\"1500\" data-init-height=\"1125\"><\/span><span><img decoding=\"async\" alt=\"\" data-id=\"4007\" width=\"392\" height=\"294\" title=\"\" src=\"http:\/\/www.eidenberg-agenda21.info\/web2\/wp-content\/uploads\/2023\/11\/prozessrueckblick_231109_page-0003-300x225.jpg\" data-src=\"http:\/\/www.eidenberg-agenda21.info\/web2\/wp-content\/uploads\/2023\/11\/prozessrueckblick_231109_page-0003-300x225.jpg\" loading=\"lazy\" data-sizes=\"{&quot;thumbnail&quot;:{&quot;height&quot;:150,&quot;width&quot;:150,&quot;url&quot;:&quot;http:\/\/www.eidenberg-agenda21.info\/web2\/wp-content\/uploads\/2023\/11\/prozessrueckblick_231109_page-0003-150x150.jpg&quot;,&quot;orientation&quot;:&quot;landscape&quot;},&quot;medium&quot;:{&quot;height&quot;:225,&quot;width&quot;:300,&quot;url&quot;:&quot;http:\/\/www.eidenberg-agenda21.info\/web2\/wp-content\/uploads\/2023\/11\/prozessrueckblick_231109_page-0003-300x225.jpg&quot;,&quot;orientation&quot;:&quot;landscape&quot;},&quot;large&quot;:{&quot;height&quot;:768,&quot;width&quot;:1024,&quot;url&quot;:&quot;http:\/\/www.eidenberg-agenda21.info\/web2\/wp-content\/uploads\/2023\/11\/prozessrueckblick_231109_page-0003-1024x768.jpg&quot;,&quot;orientation&quot;:&quot;landscape&quot;},&quot;full&quot;:{&quot;url&quot;:&quot;http:\/\/www.eidenberg-agenda21.info\/web2\/wp-content\/uploads\/2023\/11\/prozessrueckblick_231109_page-0003.jpg&quot;,&quot;height&quot;:1125,&quot;width&quot;:1500,&quot;orientation&quot;:&quot;landscape&quot;}}\" style=\"aspect-ratio: auto 1500 \/ 1125;\" data-width=\"392\" data-height=\"294\" data-init-width=\"1500\" data-init-height=\"1125\"><\/span><\/p>\n<p style=\"\">5. Mai 2022 Kinderworkshops<\/p>\n<p style=\"\">Das alte Gemeindeamt neben der Volksschule wird abgerissen, ihm Rahmen des Agenda.Zukunft Prozesses sollen wichtige Weichenstellungen f\u00fcr die ideale Nachnutzung des Areals diskutiert und entwickelt werden. Im Rahmenvon Kinderworkshops in der Volksschule Eidenberg werden die Anliegen der Kinder f\u00fcr die unmittelbar an die Schule angrenzende Fl\u00e4che erarbeitet und mit den 3. und 4. Klassen Modelle f\u00fcr die Fl\u00e4che gebaut. In kurzer Zeit entstehen kreative Ideen. Um alle Kinder der Schule gut einzubinden, erhalten alle Klassen eine Zeichenvorlage, in der die Kinder kreativ darstellen k\u00f6nnen, was sie mit und auf der Fl\u00e4che machen m\u00f6chten.<\/p>\n<p><span><img decoding=\"async\" alt=\"\" data-id=\"4010\" width=\"392\" height=\"294\" title=\"\" src=\"http:\/\/www.eidenberg-agenda21.info\/web2\/wp-content\/uploads\/2023\/11\/prozessrueckblick_231109_page-0006-1024x768.jpg\" data-src=\"http:\/\/www.eidenberg-agenda21.info\/web2\/wp-content\/uploads\/2023\/11\/prozessrueckblick_231109_page-0006-300x225.jpg\" loading=\"lazy\" data-sizes=\"{&quot;thumbnail&quot;:{&quot;height&quot;:150,&quot;width&quot;:150,&quot;url&quot;:&quot;http:\/\/www.eidenberg-agenda21.info\/web2\/wp-content\/uploads\/2023\/11\/prozessrueckblick_231109_page-0006-150x150.jpg&quot;,&quot;orientation&quot;:&quot;landscape&quot;},&quot;medium&quot;:{&quot;height&quot;:225,&quot;width&quot;:300,&quot;url&quot;:&quot;http:\/\/www.eidenberg-agenda21.info\/web2\/wp-content\/uploads\/2023\/11\/prozessrueckblick_231109_page-0006-300x225.jpg&quot;,&quot;orientation&quot;:&quot;landscape&quot;},&quot;large&quot;:{&quot;height&quot;:768,&quot;width&quot;:1024,&quot;url&quot;:&quot;http:\/\/www.eidenberg-agenda21.info\/web2\/wp-content\/uploads\/2023\/11\/prozessrueckblick_231109_page-0006-1024x768.jpg&quot;,&quot;orientation&quot;:&quot;landscape&quot;},&quot;full&quot;:{&quot;url&quot;:&quot;http:\/\/www.eidenberg-agenda21.info\/web2\/wp-content\/uploads\/2023\/11\/prozessrueckblick_231109_page-0006.jpg&quot;,&quot;height&quot;:1125,&quot;width&quot;:1500,&quot;orientation&quot;:&quot;landscape&quot;}}\" style=\"aspect-ratio: auto 1500 \/ 1125;\" data-width=\"392\" data-height=\"294\" data-init-width=\"1500\" data-init-height=\"1125\"><\/span><span><img decoding=\"async\" alt=\"\" data-id=\"4009\" width=\"392\" height=\"294\" title=\"\" src=\"http:\/\/www.eidenberg-agenda21.info\/web2\/wp-content\/uploads\/2023\/11\/prozessrueckblick_231109_page-0005-1024x768.jpg\" data-src=\"http:\/\/www.eidenberg-agenda21.info\/web2\/wp-content\/uploads\/2023\/11\/prozessrueckblick_231109_page-0005-300x225.jpg\" loading=\"lazy\" data-sizes=\"{&quot;thumbnail&quot;:{&quot;height&quot;:150,&quot;width&quot;:150,&quot;url&quot;:&quot;http:\/\/www.eidenberg-agenda21.info\/web2\/wp-content\/uploads\/2023\/11\/prozessrueckblick_231109_page-0005-150x150.jpg&quot;,&quot;orientation&quot;:&quot;landscape&quot;},&quot;medium&quot;:{&quot;height&quot;:225,&quot;width&quot;:300,&quot;url&quot;:&quot;http:\/\/www.eidenberg-agenda21.info\/web2\/wp-content\/uploads\/2023\/11\/prozessrueckblick_231109_page-0005-300x225.jpg&quot;,&quot;orientation&quot;:&quot;landscape&quot;},&quot;large&quot;:{&quot;height&quot;:768,&quot;width&quot;:1024,&quot;url&quot;:&quot;http:\/\/www.eidenberg-agenda21.info\/web2\/wp-content\/uploads\/2023\/11\/prozessrueckblick_231109_page-0005-1024x768.jpg&quot;,&quot;orientation&quot;:&quot;landscape&quot;},&quot;full&quot;:{&quot;url&quot;:&quot;http:\/\/www.eidenberg-agenda21.info\/web2\/wp-content\/uploads\/2023\/11\/prozessrueckblick_231109_page-0005.jpg&quot;,&quot;height&quot;:1125,&quot;width&quot;:1500,&quot;orientation&quot;:&quot;landscape&quot;}}\" style=\"aspect-ratio: auto 1500 \/ 1125;\" data-width=\"392\" data-height=\"294\" data-init-width=\"1500\" data-init-height=\"1125\"><\/span><span><img decoding=\"async\" alt=\"\" data-id=\"3810\" width=\"421\" data-init-width=\"917\" height=\"291\" data-init-height=\"634\" title=\"\" loading=\"lazy\" src=\"\/\/www.eidenberg-agenda21.info\/web2\/wp-content\/uploads\/2023\/11\/Screenshot-2023-11-08-17.12.02.png\" data-width=\"421\" data-height=\"291\" style=\"aspect-ratio: auto 917 \/ 634;\"><\/span><\/p>\n<p style=\"\">12. Mai 2022 B\u00fcrger:innencaf\u00e9<\/p>\n<p style=\"\">Die n\u00e4chste gro\u00dfe Veranstaltung ist das B\u00fcrger:innencaf\u00e9. Hier stellt sich das Kernteam des Prozesses mit dem neuen Slogan vor. Die Ergebnisse der Volksschulkinder zum Areal \u201eAltes Gemeindeamt\u201c werden als Modelleausgestellt und alle Zeichnungen im Kulturstadl aufgeh\u00e4ngt. Die Kinder und Erwachsenen kommen beim Bestaunen der Modelle miteinander ins Gespr\u00e4ch. Ein weiterer Teil des B\u00fcrger:innencaf\u00e9s ist die Pr\u00e4sentation der Ergebnisse vom B\u00fcrger:innenrat. Anschlie\u00dfend werden die Empfehlungen der B\u00fcrger:innenr\u00e4te im Rahmen von gef\u00fchrten Tischgespr\u00e4chen intensiv diskutiert und erg\u00e4nzt.<\/p>\n<p><span><img decoding=\"async\" alt=\"\" data-id=\"3999\" width=\"392\" height=\"294\" title=\"\" src=\"http:\/\/www.eidenberg-agenda21.info\/web2\/wp-content\/uploads\/2023\/11\/prozessrueckblick_231109_page-0008-1024x768.jpg\" data-src=\"http:\/\/www.eidenberg-agenda21.info\/web2\/wp-content\/uploads\/2023\/11\/prozessrueckblick_231109_page-0008-300x225.jpg\" loading=\"lazy\" data-sizes=\"{&quot;thumbnail&quot;:{&quot;height&quot;:150,&quot;width&quot;:150,&quot;url&quot;:&quot;http:\/\/www.eidenberg-agenda21.info\/web2\/wp-content\/uploads\/2023\/11\/prozessrueckblick_231109_page-0008-150x150.jpg&quot;,&quot;orientation&quot;:&quot;landscape&quot;},&quot;medium&quot;:{&quot;height&quot;:225,&quot;width&quot;:300,&quot;url&quot;:&quot;http:\/\/www.eidenberg-agenda21.info\/web2\/wp-content\/uploads\/2023\/11\/prozessrueckblick_231109_page-0008-300x225.jpg&quot;,&quot;orientation&quot;:&quot;landscape&quot;},&quot;large&quot;:{&quot;height&quot;:768,&quot;width&quot;:1024,&quot;url&quot;:&quot;http:\/\/www.eidenberg-agenda21.info\/web2\/wp-content\/uploads\/2023\/11\/prozessrueckblick_231109_page-0008-1024x768.jpg&quot;,&quot;orientation&quot;:&quot;landscape&quot;},&quot;full&quot;:{&quot;url&quot;:&quot;http:\/\/www.eidenberg-agenda21.info\/web2\/wp-content\/uploads\/2023\/11\/prozessrueckblick_231109_page-0008.jpg&quot;,&quot;height&quot;:1125,&quot;width&quot;:1500,&quot;orientation&quot;:&quot;landscape&quot;}}\" style=\"aspect-ratio: auto 1500 \/ 1125;\" data-width=\"392\" data-height=\"294\" data-init-width=\"1500\" data-init-height=\"1125\"><\/span><span><img decoding=\"async\" alt=\"\" data-id=\"4000\" width=\"392\" height=\"294\" title=\"\" src=\"http:\/\/www.eidenberg-agenda21.info\/web2\/wp-content\/uploads\/2023\/11\/prozessrueckblick_231109_page-0009-1024x768.jpg\" data-src=\"http:\/\/www.eidenberg-agenda21.info\/web2\/wp-content\/uploads\/2023\/11\/prozessrueckblick_231109_page-0009-300x225.jpg\" loading=\"lazy\" data-sizes=\"{&quot;thumbnail&quot;:{&quot;height&quot;:150,&quot;width&quot;:150,&quot;url&quot;:&quot;http:\/\/www.eidenberg-agenda21.info\/web2\/wp-content\/uploads\/2023\/11\/prozessrueckblick_231109_page-0009-150x150.jpg&quot;,&quot;orientation&quot;:&quot;landscape&quot;},&quot;medium&quot;:{&quot;height&quot;:225,&quot;width&quot;:300,&quot;url&quot;:&quot;http:\/\/www.eidenberg-agenda21.info\/web2\/wp-content\/uploads\/2023\/11\/prozessrueckblick_231109_page-0009-300x225.jpg&quot;,&quot;orientation&quot;:&quot;landscape&quot;},&quot;large&quot;:{&quot;height&quot;:768,&quot;width&quot;:1024,&quot;url&quot;:&quot;http:\/\/www.eidenberg-agenda21.info\/web2\/wp-content\/uploads\/2023\/11\/prozessrueckblick_231109_page-0009-1024x768.jpg&quot;,&quot;orientation&quot;:&quot;landscape&quot;},&quot;full&quot;:{&quot;url&quot;:&quot;http:\/\/www.eidenberg-agenda21.info\/web2\/wp-content\/uploads\/2023\/11\/prozessrueckblick_231109_page-0009.jpg&quot;,&quot;height&quot;:1125,&quot;width&quot;:1500,&quot;orientation&quot;:&quot;landscape&quot;}}\" style=\"aspect-ratio: auto 1500 \/ 1125;\" data-width=\"392\" data-height=\"294\" data-init-width=\"1500\" data-init-height=\"1125\"><\/span><span><img decoding=\"async\" alt=\"\" data-id=\"3998\" width=\"392\" height=\"294\" title=\"\" src=\"http:\/\/www.eidenberg-agenda21.info\/web2\/wp-content\/uploads\/2023\/11\/prozessrueckblick_231109_page-0007-1024x768.jpg\" data-src=\"http:\/\/www.eidenberg-agenda21.info\/web2\/wp-content\/uploads\/2023\/11\/prozessrueckblick_231109_page-0007-300x225.jpg\" loading=\"lazy\" data-sizes=\"{&quot;thumbnail&quot;:{&quot;height&quot;:150,&quot;width&quot;:150,&quot;url&quot;:&quot;http:\/\/www.eidenberg-agenda21.info\/web2\/wp-content\/uploads\/2023\/11\/prozessrueckblick_231109_page-0007-150x150.jpg&quot;,&quot;orientation&quot;:&quot;landscape&quot;},&quot;medium&quot;:{&quot;height&quot;:225,&quot;width&quot;:300,&quot;url&quot;:&quot;http:\/\/www.eidenberg-agenda21.info\/web2\/wp-content\/uploads\/2023\/11\/prozessrueckblick_231109_page-0007-300x225.jpg&quot;,&quot;orientation&quot;:&quot;landscape&quot;},&quot;large&quot;:{&quot;height&quot;:768,&quot;width&quot;:1024,&quot;url&quot;:&quot;http:\/\/www.eidenberg-agenda21.info\/web2\/wp-content\/uploads\/2023\/11\/prozessrueckblick_231109_page-0007-1024x768.jpg&quot;,&quot;orientation&quot;:&quot;landscape&quot;},&quot;full&quot;:{&quot;url&quot;:&quot;http:\/\/www.eidenberg-agenda21.info\/web2\/wp-content\/uploads\/2023\/11\/prozessrueckblick_231109_page-0007.jpg&quot;,&quot;height&quot;:1125,&quot;width&quot;:1500,&quot;orientation&quot;:&quot;landscape&quot;}}\" style=\"aspect-ratio: auto 1500 \/ 1125;\" data-width=\"392\" data-height=\"294\" data-init-width=\"1500\" data-init-height=\"1125\"><\/span><span><img decoding=\"async\" alt=\"\" data-id=\"3811\" width=\"421\" data-init-width=\"954\" height=\"400\" data-init-height=\"907\" title=\"\" loading=\"lazy\" src=\"\/\/www.eidenberg-agenda21.info\/web2\/wp-content\/uploads\/2023\/11\/Screenshot-2023-11-08-17.13.27.png\" data-width=\"421\" data-height=\"400\" style=\"aspect-ratio: auto 954 \/ 907;\"><\/span><\/p>\n<p style=\"\">27. Juli 2022 Projektgruppe \u201eOrtskern\u201c<\/p>\n<p style=\"\">Bereits zu Beginn des Agenda.Zukunft Prozesses hat sich die Projektgruppe \u201eOrtskern\u201c gegr\u00fcndet. Diese befasst sich mit der Neugestaltung der Fl\u00e4che neben der Volksschule. Die Gruppe trifft sich immer wieder eigenst\u00e4ndig, dieAnliegen und Vorstellungen innerhalb der Projektgruppe sind sehr unterschiedlich. Im Juli wird ein Projektgruppentreffen von SPES moderiert. Im Fokus des Treffens steht die Aufgabe, eine gemeinsame Zielvorstellung f\u00fcr die Projektgruppe zu entwickeln und einen Fahrplan f\u00fcr die Zielerreichung festzulegen.<\/p>\n<p style=\"\">25. August 2022 Kernteamtreffen<\/p>\n<p style=\"\">Beim n\u00e4chsten Kernteamtreffen wird der aktuelle Stand der Projektgruppe \u201eOrtskern\u201c besprochen und die n\u00e4chsten Schritte f\u00fcr den Herbst sowie die \u00d6ffentlichkeitsarbeit werden geplant. Das Kernteam entscheidet sichf\u00fcr die Durchf\u00fchrung einer kompakten Themenwerkstatt zu den 4 Leitthemen im Prozess, die anschlie\u00dfend geplant und vorbereitet wird. Auch der Homepage-Auftritt des Agendaprozesses wird diskutiert und \u00fcberarbeitet.<\/p>\n<p style=\"\">29. September 2022 Themenwerkstatt<\/p>\n<p style=\"\">In der Themenwerkstatt werden die vier Leitthemen des Eidenberger Agenda.Zukunft Prozesses, welche sich aus dem B\u00fcrger:innenrat und B\u00fcrger.innencaf\u00e9 heraus definiert haben, intensiv bearbeitet. Ideen und Anliegen der B\u00fcrger:innen werden priorisiert. An vier Thementischen besch\u00e4ftigen sich Kleingruppen mit den wichtigen Zukunftszielen und Projekten und Umsetzungsma\u00dfnahmen in diesen Leitthemen. \u00dcber 40 Teilnehmende machen sich Gedanken zu: Nah- &amp; Selbstversorgt, Bauen &amp; Wohnen weiter denken, Unsere Orte der Begegnung und Mobilit\u00e4t weiter denken.<\/p>\n<p><span><img decoding=\"async\" alt=\"\" data-id=\"4003\" width=\"392\" height=\"294\" title=\"\" src=\"http:\/\/www.eidenberg-agenda21.info\/web2\/wp-content\/uploads\/2023\/11\/prozessrueckblick_231109_page-0012-1024x768.jpg\" data-src=\"http:\/\/www.eidenberg-agenda21.info\/web2\/wp-content\/uploads\/2023\/11\/prozessrueckblick_231109_page-0012-300x225.jpg\" loading=\"lazy\" data-sizes=\"{&quot;thumbnail&quot;:{&quot;height&quot;:150,&quot;width&quot;:150,&quot;url&quot;:&quot;http:\/\/www.eidenberg-agenda21.info\/web2\/wp-content\/uploads\/2023\/11\/prozessrueckblick_231109_page-0012-150x150.jpg&quot;,&quot;orientation&quot;:&quot;landscape&quot;},&quot;medium&quot;:{&quot;height&quot;:225,&quot;width&quot;:300,&quot;url&quot;:&quot;http:\/\/www.eidenberg-agenda21.info\/web2\/wp-content\/uploads\/2023\/11\/prozessrueckblick_231109_page-0012-300x225.jpg&quot;,&quot;orientation&quot;:&quot;landscape&quot;},&quot;large&quot;:{&quot;height&quot;:768,&quot;width&quot;:1024,&quot;url&quot;:&quot;http:\/\/www.eidenberg-agenda21.info\/web2\/wp-content\/uploads\/2023\/11\/prozessrueckblick_231109_page-0012-1024x768.jpg&quot;,&quot;orientation&quot;:&quot;landscape&quot;},&quot;full&quot;:{&quot;url&quot;:&quot;http:\/\/www.eidenberg-agenda21.info\/web2\/wp-content\/uploads\/2023\/11\/prozessrueckblick_231109_page-0012.jpg&quot;,&quot;height&quot;:1125,&quot;width&quot;:1500,&quot;orientation&quot;:&quot;landscape&quot;}}\" style=\"aspect-ratio: auto 1500 \/ 1125;\" data-width=\"392\" data-height=\"294\" data-init-width=\"1500\" data-init-height=\"1125\"><\/span><span><img decoding=\"async\" alt=\"\" data-id=\"4002\" width=\"392\" height=\"294\" title=\"\" src=\"http:\/\/www.eidenberg-agenda21.info\/web2\/wp-content\/uploads\/2023\/11\/prozessrueckblick_231109_page-0011-1024x768.jpg\" data-src=\"http:\/\/www.eidenberg-agenda21.info\/web2\/wp-content\/uploads\/2023\/11\/prozessrueckblick_231109_page-0011-300x225.jpg\" loading=\"lazy\" data-sizes=\"{&quot;thumbnail&quot;:{&quot;height&quot;:150,&quot;width&quot;:150,&quot;url&quot;:&quot;http:\/\/www.eidenberg-agenda21.info\/web2\/wp-content\/uploads\/2023\/11\/prozessrueckblick_231109_page-0011-150x150.jpg&quot;,&quot;orientation&quot;:&quot;landscape&quot;},&quot;medium&quot;:{&quot;height&quot;:225,&quot;width&quot;:300,&quot;url&quot;:&quot;http:\/\/www.eidenberg-agenda21.info\/web2\/wp-content\/uploads\/2023\/11\/prozessrueckblick_231109_page-0011-300x225.jpg&quot;,&quot;orientation&quot;:&quot;landscape&quot;},&quot;large&quot;:{&quot;height&quot;:768,&quot;width&quot;:1024,&quot;url&quot;:&quot;http:\/\/www.eidenberg-agenda21.info\/web2\/wp-content\/uploads\/2023\/11\/prozessrueckblick_231109_page-0011-1024x768.jpg&quot;,&quot;orientation&quot;:&quot;landscape&quot;},&quot;full&quot;:{&quot;url&quot;:&quot;http:\/\/www.eidenberg-agenda21.info\/web2\/wp-content\/uploads\/2023\/11\/prozessrueckblick_231109_page-0011.jpg&quot;,&quot;height&quot;:1125,&quot;width&quot;:1500,&quot;orientation&quot;:&quot;landscape&quot;}}\" style=\"aspect-ratio: auto 1500 \/ 1125;\" data-width=\"392\" data-height=\"294\" data-init-width=\"1500\" data-init-height=\"1125\"><\/span><span><img decoding=\"async\" alt=\"\" data-id=\"4004\" width=\"392\" height=\"294\" title=\"\" src=\"http:\/\/www.eidenberg-agenda21.info\/web2\/wp-content\/uploads\/2023\/11\/prozessrueckblick_231109_page-0013-1024x768.jpg\" data-src=\"http:\/\/www.eidenberg-agenda21.info\/web2\/wp-content\/uploads\/2023\/11\/prozessrueckblick_231109_page-0013-300x225.jpg\" loading=\"lazy\" data-sizes=\"{&quot;thumbnail&quot;:{&quot;height&quot;:150,&quot;width&quot;:150,&quot;url&quot;:&quot;http:\/\/www.eidenberg-agenda21.info\/web2\/wp-content\/uploads\/2023\/11\/prozessrueckblick_231109_page-0013-150x150.jpg&quot;,&quot;orientation&quot;:&quot;landscape&quot;},&quot;medium&quot;:{&quot;height&quot;:225,&quot;width&quot;:300,&quot;url&quot;:&quot;http:\/\/www.eidenberg-agenda21.info\/web2\/wp-content\/uploads\/2023\/11\/prozessrueckblick_231109_page-0013-300x225.jpg&quot;,&quot;orientation&quot;:&quot;landscape&quot;},&quot;large&quot;:{&quot;height&quot;:768,&quot;width&quot;:1024,&quot;url&quot;:&quot;http:\/\/www.eidenberg-agenda21.info\/web2\/wp-content\/uploads\/2023\/11\/prozessrueckblick_231109_page-0013-1024x768.jpg&quot;,&quot;orientation&quot;:&quot;landscape&quot;},&quot;full&quot;:{&quot;url&quot;:&quot;http:\/\/www.eidenberg-agenda21.info\/web2\/wp-content\/uploads\/2023\/11\/prozessrueckblick_231109_page-0013.jpg&quot;,&quot;height&quot;:1125,&quot;width&quot;:1500,&quot;orientation&quot;:&quot;landscape&quot;}}\" style=\"aspect-ratio: auto 1500 \/ 1125;\" data-width=\"392\" data-height=\"294\" data-init-width=\"1500\" data-init-height=\"1125\"><\/span><\/p>\n<p style=\"\">11. Oktober 2022 Kernteamtreffen<\/p>\n<p style=\"\">Beim n\u00e4chsten Kernteamtreffen wird die Themenwerkstatt reflektiert und die vielen vorliegenden Projektanliegen diskutiert. Als n\u00e4chster Schritt wird eine Projektwerkstatt geplant. Wer k\u00f6nnte welche Projekte als Pate \/ Patin betreuen? Wie erreichen wir m\u00f6glichst viele Menschen f\u00fcr die Veranstaltung? Auch das Eidenberger Zukunftsprofil wird besprochen und aus dem Kernteam heraus bildet sich ein Redaktionsteam, das nun gemeinsam mit der Prozessbegleitung die Formulierung aufnimmt.<\/p>\n<p style=\"\">10. November 2022 Projektwerkstatt<\/p>\n<p style=\"\">Bei der Projektwerkstatt wir an neun Thementischen mit fixen Patinnen und Paten gearbeitet. Die Projekte konkretisieren sich und es wird klarer, welche Schritte es auf dem Weg zum Ziel noch braucht, wer mit dabei ist und woran noch gedacht werden muss. Die Projektgruppen vereinbaren n\u00e4chste Termine f\u00fcr ihre selbst\u00e4ndigen Treffen. \u00dcber 50 Personen arbeiten an diesem Abend gemeinsam an der Zukunft der Gemeinde Eidenberg.<\/p>\n<p><span><img decoding=\"async\" alt=\"\" data-id=\"3995\" width=\"392\" height=\"294\" title=\"\" src=\"http:\/\/www.eidenberg-agenda21.info\/web2\/wp-content\/uploads\/2023\/11\/prozessrueckblick_231109_page-0014-1024x768.jpg\" data-src=\"http:\/\/www.eidenberg-agenda21.info\/web2\/wp-content\/uploads\/2023\/11\/prozessrueckblick_231109_page-0014-300x225.jpg\" loading=\"lazy\" data-sizes=\"{&quot;thumbnail&quot;:{&quot;height&quot;:150,&quot;width&quot;:150,&quot;url&quot;:&quot;http:\/\/www.eidenberg-agenda21.info\/web2\/wp-content\/uploads\/2023\/11\/prozessrueckblick_231109_page-0014-150x150.jpg&quot;,&quot;orientation&quot;:&quot;landscape&quot;},&quot;medium&quot;:{&quot;height&quot;:225,&quot;width&quot;:300,&quot;url&quot;:&quot;http:\/\/www.eidenberg-agenda21.info\/web2\/wp-content\/uploads\/2023\/11\/prozessrueckblick_231109_page-0014-300x225.jpg&quot;,&quot;orientation&quot;:&quot;landscape&quot;},&quot;large&quot;:{&quot;height&quot;:768,&quot;width&quot;:1024,&quot;url&quot;:&quot;http:\/\/www.eidenberg-agenda21.info\/web2\/wp-content\/uploads\/2023\/11\/prozessrueckblick_231109_page-0014-1024x768.jpg&quot;,&quot;orientation&quot;:&quot;landscape&quot;},&quot;full&quot;:{&quot;url&quot;:&quot;http:\/\/www.eidenberg-agenda21.info\/web2\/wp-content\/uploads\/2023\/11\/prozessrueckblick_231109_page-0014.jpg&quot;,&quot;height&quot;:1125,&quot;width&quot;:1500,&quot;orientation&quot;:&quot;landscape&quot;}}\" style=\"aspect-ratio: auto 1500 \/ 1125;\" data-width=\"392\" data-height=\"294\" data-init-width=\"1500\" data-init-height=\"1125\"><\/span><span><img decoding=\"async\" alt=\"\" data-id=\"3996\" width=\"392\" height=\"294\" title=\"\" src=\"http:\/\/www.eidenberg-agenda21.info\/web2\/wp-content\/uploads\/2023\/11\/prozessrueckblick_231109_page-0015-1024x768.jpg\" data-src=\"http:\/\/www.eidenberg-agenda21.info\/web2\/wp-content\/uploads\/2023\/11\/prozessrueckblick_231109_page-0015-300x225.jpg\" loading=\"lazy\" data-sizes=\"{&quot;thumbnail&quot;:{&quot;height&quot;:150,&quot;width&quot;:150,&quot;url&quot;:&quot;http:\/\/www.eidenberg-agenda21.info\/web2\/wp-content\/uploads\/2023\/11\/prozessrueckblick_231109_page-0015-150x150.jpg&quot;,&quot;orientation&quot;:&quot;landscape&quot;},&quot;medium&quot;:{&quot;height&quot;:225,&quot;width&quot;:300,&quot;url&quot;:&quot;http:\/\/www.eidenberg-agenda21.info\/web2\/wp-content\/uploads\/2023\/11\/prozessrueckblick_231109_page-0015-300x225.jpg&quot;,&quot;orientation&quot;:&quot;landscape&quot;},&quot;large&quot;:{&quot;height&quot;:768,&quot;width&quot;:1024,&quot;url&quot;:&quot;http:\/\/www.eidenberg-agenda21.info\/web2\/wp-content\/uploads\/2023\/11\/prozessrueckblick_231109_page-0015-1024x768.jpg&quot;,&quot;orientation&quot;:&quot;landscape&quot;},&quot;full&quot;:{&quot;url&quot;:&quot;http:\/\/www.eidenberg-agenda21.info\/web2\/wp-content\/uploads\/2023\/11\/prozessrueckblick_231109_page-0015.jpg&quot;,&quot;height&quot;:1125,&quot;width&quot;:1500,&quot;orientation&quot;:&quot;landscape&quot;}}\" style=\"aspect-ratio: auto 1500 \/ 1125;\" data-width=\"392\" data-height=\"294\" data-init-width=\"1500\" data-init-height=\"1125\"><\/span><span><img decoding=\"async\" alt=\"\" data-id=\"3997\" width=\"392\" height=\"294\" title=\"\" src=\"http:\/\/www.eidenberg-agenda21.info\/web2\/wp-content\/uploads\/2023\/11\/prozessrueckblick_231109_page-0016-1024x768.jpg\" data-src=\"http:\/\/www.eidenberg-agenda21.info\/web2\/wp-content\/uploads\/2023\/11\/prozessrueckblick_231109_page-0016-300x225.jpg\" loading=\"lazy\" data-sizes=\"{&quot;thumbnail&quot;:{&quot;height&quot;:150,&quot;width&quot;:150,&quot;url&quot;:&quot;http:\/\/www.eidenberg-agenda21.info\/web2\/wp-content\/uploads\/2023\/11\/prozessrueckblick_231109_page-0016-150x150.jpg&quot;,&quot;orientation&quot;:&quot;landscape&quot;},&quot;medium&quot;:{&quot;height&quot;:225,&quot;width&quot;:300,&quot;url&quot;:&quot;http:\/\/www.eidenberg-agenda21.info\/web2\/wp-content\/uploads\/2023\/11\/prozessrueckblick_231109_page-0016-300x225.jpg&quot;,&quot;orientation&quot;:&quot;landscape&quot;},&quot;large&quot;:{&quot;height&quot;:768,&quot;width&quot;:1024,&quot;url&quot;:&quot;http:\/\/www.eidenberg-agenda21.info\/web2\/wp-content\/uploads\/2023\/11\/prozessrueckblick_231109_page-0016-1024x768.jpg&quot;,&quot;orientation&quot;:&quot;landscape&quot;},&quot;full&quot;:{&quot;url&quot;:&quot;http:\/\/www.eidenberg-agenda21.info\/web2\/wp-content\/uploads\/2023\/11\/prozessrueckblick_231109_page-0016.jpg&quot;,&quot;height&quot;:1125,&quot;width&quot;:1500,&quot;orientation&quot;:&quot;landscape&quot;}}\" style=\"aspect-ratio: auto 1500 \/ 1125;\" data-width=\"392\" data-height=\"294\" data-init-width=\"1500\" data-init-height=\"1125\"><\/span><span><img decoding=\"async\" alt=\"\" data-id=\"3814\" width=\"421\" data-init-width=\"881\" height=\"158\" data-init-height=\"330\" title=\"\" loading=\"lazy\" src=\"\/\/www.eidenberg-agenda21.info\/web2\/wp-content\/uploads\/2023\/11\/Screenshot-2023-11-08-17.20.39.png\" data-width=\"421\" data-height=\"158\" style=\"aspect-ratio: auto 881 \/ 330;\"><\/span><\/p>\n<p style=\"\">6. Dezember 2022 Kernteamtreffen<\/p>\n<p style=\"\">Das Kernteamtreffen zu Jahresende steht im Zeichen des R\u00fcckblicks und Ausblicks. Die vergangenen Veranstaltungen werden reflektiert und die n\u00e4chsten Schritte werden geplant. Mit einem weihnachtlichen Abschluss kann verdient in eine Weihnachtspause gestartet werden.<\/p>\n<p><span><img decoding=\"async\" alt=\"\" data-id=\"3815\" width=\"421\" data-init-width=\"924\" height=\"434\" data-init-height=\"952\" title=\"\" loading=\"lazy\" src=\"\/\/www.eidenberg-agenda21.info\/web2\/wp-content\/uploads\/2023\/11\/Screenshot-2023-11-08-17.21.32.png\" data-width=\"421\" data-height=\"434\" style=\"aspect-ratio: auto 924 \/ 952;\"><\/span><\/p>\n<p style=\"\">28. Februar 2023&nbsp;<strong>Projektgruppe \u201eOrtskern\u201c<\/strong><\/p>\n<p style=\"\">Bei einem weiteren Termin der Projektgruppe \u201eOrtskern\u201c werden der Architekt Richard Steger und der Landschaftsplaner David Dobetsberger eingeladen um ihr Angebot f\u00fcr das Areal \u201eAltes Gemeindeamt\u201c zu pr\u00e4sentieren. Nach intensiven Diskussionen einigt sich die Gruppe auf einen Fahrplan und die weiteren Schritte werden fixiert.<\/p>\n<p>15. M\u00e4rz 2023 Kernteamtreffen<\/p>\n<p style=\"\">Im n\u00e4chsten Kernteamtreffen wird die Klausur zum Zukunftsprofil mit Gemeinderat und Kernteam geplant. Die \u00c4nderungsvorschl\u00e4ge des Kernteams werden aufgenommen und in der Folge von der Prozessbegleitung in der Formulierung ber\u00fccksichtigt. Ein gro\u00dfer Teil des Abends ist auch dem aktuellen Stand der laufenden 10 Projektgruppen gewidmet, deren Vertreter:innen anwesend sind.<\/p>\n<p style=\"\">25. April 2023 Zukunftsprofil Klausur<\/p>\n<p style=\"\">Bei der Zukunftsprofil Klausur wird mit den Gemeinder\u00e4t:innen sowie dem Kernteam gemeinsam am Zukunftsprofil gearbeitet. An moderierten Leitthementischen wird an den Formulierungen gefeilt und finale \u00c4nderungen durchgef\u00fchrt. Am Ende des Abends wird noch gemeinsam \u00fcber gr\u00f6\u00dfere Ab\u00e4nderungen entschieden. Die \u00c4nderungen k\u00f6nnen jetzt ins Zukunftsprofil eingearbeitet werden und anschlie\u00dfend noch einmal final vom Kernteam und Gemeinderat gesichtet.<\/p>\n<p><span><img decoding=\"async\" alt=\"\" data-id=\"3817\" width=\"421\" data-init-width=\"921\" height=\"163\" data-init-height=\"357\" title=\"\" loading=\"lazy\" src=\"\/\/www.eidenberg-agenda21.info\/web2\/wp-content\/uploads\/2023\/11\/Screenshot-2023-11-08-17.26.38.png\" data-width=\"421\" data-height=\"163\" style=\"aspect-ratio: auto 921 \/ 357;\"><\/span><span><a href=\"http:\/\/www.eidenberg-agenda21.info\/web2\/wp-content\/uploads\/2022\/10\/Dokumentation-Themenwerkstatt_29.9.2022.docx.pdf\" target=\"_blank\" rel=\"noopener\"><img decoding=\"async\" alt=\"\" data-id=\"3763\" width=\"224\" data-init-width=\"753\" height=\"316\" data-init-height=\"1064\" title=\"\" loading=\"lazy\" src=\"\/\/www.eidenberg-agenda21.info\/web2\/wp-content\/uploads\/2023\/06\/Screenshot-2023-06-09-092445.png\" data-width=\"224\" style=\"aspect-ratio: auto 753 \/ 1064;\" data-link-wrap=\"true\" data-height=\"316\"><\/a><\/span><\/p>\n<h1 style=\"\">Gesamtdokumentation des Agenda.Zukunft Basisprozesses<\/h1>\n<h2 style=\"\">vom Juni 2023<\/h2>\n<h2 style=\"\"><\/h2>\n","protected":false},"excerpt":{"rendered":"<p>14. Juni 2022 GemeindeNavi Was tut Eidenberg bereits in den einzelnen Nachhaltigkeitszielen und was k\u00f6nnte noch zus\u00e4tzlich in Angriff genommen werden? Beim GemeindeNavi werden an f\u00fcnf Thementischen mit je einer Moderatorin die SDGs bearbeitet. Vieles ist bereits in der Umsetzung, aber auch neue Themen tun sich auf. 19. J\u00e4nner 2022 Abstimmungstreffen Bei einem ersten Abstimmungstreffen [&hellip;]<\/p>\n","protected":false},"author":1,"featured_media":3733,"parent":0,"menu_order":0,"comment_status":"closed","ping_status":"closed","template":"","meta":{"footnotes":""},"class_list":["post-3804","page","type-page","status-publish","has-post-thumbnail","hentry","post-wrapper","thrv_wrapper"],"_links":{"self":[{"href":"http:\/\/www.eidenberg-agenda21.info\/web2\/wp-json\/wp\/v2\/pages\/3804","targetHints":{"allow":["GET"]}}],"collection":[{"href":"http:\/\/www.eidenberg-agenda21.info\/web2\/wp-json\/wp\/v2\/pages"}],"about":[{"href":"http:\/\/www.eidenberg-agenda21.info\/web2\/wp-json\/wp\/v2\/types\/page"}],"author":[{"embeddable":true,"href":"http:\/\/www.eidenberg-agenda21.info\/web2\/wp-json\/wp\/v2\/users\/1"}],"replies":[{"embeddable":true,"href":"http:\/\/www.eidenberg-agenda21.info\/web2\/wp-json\/wp\/v2\/comments?post=3804"}],"version-history":[{"count":10,"href":"http:\/\/www.eidenberg-agenda21.info\/web2\/wp-json\/wp\/v2\/pages\/3804\/revisions"}],"predecessor-version":[{"id":4017,"href":"http:\/\/www.eidenberg-agenda21.info\/web2\/wp-json\/wp\/v2\/pages\/3804\/revisions\/4017"}],"wp:featuredmedia":[{"embeddable":true,"href":"http:\/\/www.eidenberg-agenda21.info\/web2\/wp-json\/wp\/v2\/media\/3733"}],"wp:attachment":[{"href":"http:\/\/www.eidenberg-agenda21.info\/web2\/wp-json\/wp\/v2\/media?parent=3804"}],"curies":[{"name":"wp","href":"https:\/\/api.w.org\/{rel}","templated":true}]}}